{"id":3626,"date":"2018-07-16T19:24:21","date_gmt":"2018-07-16T19:24:21","guid":{"rendered":"http:\/\/59.106.140.197\/?page_id=3626"},"modified":"2018-11-01T23:01:50","modified_gmt":"2018-11-01T23:01:50","slug":"founder","status":"publish","type":"page","link":"https:\/\/www.min-on.org\/fr\/founder\/","title":{"rendered":"LE FONDATEUR"},"content":{"rendered":"<p>[et_pb_section bb_built=\u00a0\u00bb1&Prime; next_background_color=\u00a0\u00bb#000000&Prime; _builder_version=\u00a0\u00bb3.9&Prime; custom_padding=\u00a0\u00bb||0px|\u00a0\u00bb][et_pb_row _builder_version=\u00a0\u00bb3.11&Prime; custom_padding=\u00a0\u00bb0px|||\u00a0\u00bb][et_pb_column type=\u00a0\u00bb4_4&Prime;][et_pb_text _builder_version=\u00a0\u00bb3.15&Prime;]<\/p>\n<h1 style=\"line-height: 36px;\">LE FONDATEUR<\/h1>\n<p>[\/et_pb_text][\/et_pb_column][\/et_pb_row][et_pb_row _builder_version=\u00a0\u00bb3.9&Prime;][et_pb_column type=\u00a0\u00bb4_4&Prime;][et_pb_image _builder_version=\u00a0\u00bb3.9&Prime; src=\u00a0\u00bbhttps:\/\/www.min-on.org\/wp-content\/uploads\/sites\/7\/2018\/07\/main-image-founder.jpg\u00a0\u00bb force_fullwidth=\u00a0\u00bbon\u00a0\u00bb show_bottom_space=\u00a0\u00bboff\u00a0\u00bb \/][\/et_pb_column][\/et_pb_row][et_pb_row _builder_version=\u00a0\u00bb3.12&Prime;][et_pb_column type=\u00a0\u00bb4_4&Prime;][et_pb_text _builder_version=\u00a0\u00bb3.15&Prime;]<\/p>\n<h2 style=\"line-height: 36px;\">\u00ab\u00a0Approfondir notre compr\u00e9hension de la musique \u00e9quivaut \u00e0 acqu\u00e9rir une perception plus fine de la source m\u00eame de la culture humaine ; c\u2019est une qu\u00eate d\u00e9bouchant sur la quintessence de la nature humaine. L\u2019amour de la musique unit les gens et renforce la dynamique de la paix et de la cr\u00e9ativit\u00e9. \u00bb<\/h2>\n<p>[\/et_pb_text][\/et_pb_column][\/et_pb_row][\/et_pb_section][et_pb_section bb_built=\u00a0\u00bb1&Prime; specialty=\u00a0\u00bboff\u00a0\u00bb prev_background_color=\u00a0\u00bb#000000&Prime; _builder_version=\u00a0\u00bb3.9&Prime; custom_padding=\u00a0\u00bb0px|||\u00a0\u00bb][et_pb_row][et_pb_column type=\u00a0\u00bb1_2&Prime;][et_pb_text _builder_version=\u00a0\u00bb3.15&Prime;]<\/p>\n<h4 style=\"line-height: 26px;\"><a href=\"http:\/\/www.daisakuikeda.org\/\">Daisaku Ikeda<\/a>, fondateur de l\u2019Association des Concerts Min-On, est tout \u00e0 la fois un philosophe bouddhiste, un b\u00e2tisseur de paix, un p\u00e9dagogue, mais aussi un \u00e9crivain et un po\u00e8te prolifique. Fervent partisan et praticien du dialogue, il a engag\u00e9 des entretiens avec un large \u00e9ventail de personnalit\u00e9s du monde entier dans les domaines culturel, \u00e9ducatif, universitaire et politique. L\u2019ancien pr\u00e9sident sud-africain Nelson Mandela, le violoniste virtuose Yehudi Menuhin, le maestro du tango, Osvaldo Pugliese, la directrice du Th\u00e9\u00e2tre Musical de Moscou pour Enfants Natalya Sats, entre autres figures embl\u00e9matiques engag\u00e9es en faveur de la cr\u00e9ation d\u2019une culture de la paix et de la compr\u00e9hension mutuelle, comptent parmi ses interlocuteurs. Une cinquantaine de ces dialogues ont \u00e9t\u00e9 \u00e9dit\u00e9s, dont un \u00ab trialogue \u00bb avec les musiciens de jazz de renomm\u00e9e internationale, Herbie Hancock et Wayne Shorter.<\/h4>\n<p>N\u00e9 \u00e0 Tokyo en 1928, M. Ikeda a personnellement v\u00e9cu la tragique r\u00e9alit\u00e9 de la guerre et du militarisme. Dans le chaos du Japon d\u2019apr\u00e8s-guerre, il adh\u00e8re au bouddhisme gr\u00e2ce \u00e0 une rencontre avec l\u2019\u00e9ducateur et pacifiste Josei Toda, qui avait \u00e9t\u00e9 incarc\u00e9r\u00e9 pour ses convictions durant la Deuxi\u00e8me Guerre mondiale, lequel deviendra plus tard le deuxi\u00e8me pr\u00e9sident de l\u2019organisation bouddhiste la\u00efque Soka Gakkai (Association pour la Cr\u00e9ation de Valeurs). Apr\u00e8s son d\u00e9c\u00e8s, M. Ikeda est investi troisi\u00e8me pr\u00e9sident de la Soka Gakkai, en 1960. En 1975, il fonde la SGI \u2013 Soka Gakkai Internationale \u2013 dont il est nomm\u00e9 pr\u00e9sident. Depuis lors, il d\u00e9veloppe et inspire la plus vaste association bouddhique internationale au monde, constitu\u00e9e de personnes de tous horizons, qui promeut une philosophie d\u2019autonomisation individuelle et d\u2019engagement social afin de faire progresser les causes de la paix, de la culture, et de l\u2019\u00e9ducation.<\/p>\n<p>C\u2019est lors de son premier d\u00e9placement en Inde et en Asie du Sud-Est, en f\u00e9vrier 1961 \u2013 un an apr\u00e8s avoir pris la t\u00eate du mouvement en qualit\u00e9 de troisi\u00e8me pr\u00e9sident de la Soka Gakkai, tandis qu\u2019il parcourait les champs de bataille de la Seconde Guerre mondiale en se dirigeant vers la Tha\u00eflande et le Cambodge depuis la Birmanie (l\u2019actuel Myanmar) o\u00f9 son fr\u00e8re ain\u00e9 et tant d\u2019autres avaient perdu la vie \u2013, que M. Ikeda eut l\u2019id\u00e9e d\u2019\u00e9tablir l\u2019Association des Concerts Min-On. Tout au long de son voyage, il n\u2019avait cess\u00e9 de r\u00e9fl\u00e9chir \u00e0 ce qui serait n\u00e9cessaire pour permettre \u00e0 l\u2019humanit\u00e9 de rompre avec la trag\u00e9die de la guerre et \u00e9difier une paix durable. Il en arriva \u00e0 la conclusion qu\u2019un moyen de promouvoir la compr\u00e9hension mutuelle parmi les peuples du monde \u00e9tait indispensable, et que les \u00e9changes culturels \u00e0 travers la musique et les arts du spectacle constitueraient un \u00e9l\u00e9ment essentiel de ce processus. C\u2019est ainsi qu\u2019il fut amen\u00e9 \u00e0 fonder l\u2019Association des Concerts Min-On, organisme ind\u00e9pendant non confessionnel consacr\u00e9 \u00e0 la promotion d\u2019\u00e9changes internationaux dans les domaines de la musique et des arts du spectacle.<\/p>\n<p>Outre l\u2019Association Min-On, M. Ikeda est \u00e9galement le fondateur d\u2019un certain nombre d\u2019institutions \u0153uvrant dans le domaine de la culture, de l\u2019\u00e9ducation et des recherches sur la paix de par le monde, notamment les \u00e9coles Soka (cr\u00e9ation de valeurs) en 1968 \u2013 syst\u00e8me \u00e9ducatif non confessionnel allant du jardin d\u2019enfants \u00e0 l\u2019universit\u00e9 \u2013 ; l\u2019Institut de Philosophie Orientale en 1962 ; le Mus\u00e9e d\u2019Art Fuji de Tokyo ; le Centre Ikeda pour la Paix, le Savoir et le Dialogue (anciennement Centre de recherche de Boston pour le 21 si\u00e8cle) en 1993 ; l\u2019Institut Toda pour la Paix (anciennement Institut Toda pour la paix et une politique prospective) en 1996 ; et l\u2019Universit\u00e9 Soka d\u2019Am\u00e9rique, une universit\u00e9 des sciences humaines proposant des cursus de quatre ans, en 2001. Toutes ces institutions partagent le m\u00eame engagement envers les valeurs de la paix et de l\u2019humanisme, mais fonctionnent de mani\u00e8re ind\u00e9pendante.<\/p>\n<p>[\/et_pb_text][\/et_pb_column][et_pb_column type=\u00a0\u00bb1_2&Prime;][et_pb_image _builder_version=\u00a0\u00bb3.15&Prime; src=\u00a0\u00bbhttps:\/\/www.min-on.org\/wp-content\/uploads\/sites\/7\/2011\/09\/dr-ikeda.jpg\u00a0\u00bb \/][\/et_pb_column][\/et_pb_row][\/et_pb_section]<\/p>\n","protected":false},"excerpt":{"rendered":"<p>LE FONDATEUR \u00ab\u00a0Approfondir notre compr\u00e9hension de la musique \u00e9quivaut \u00e0 acqu\u00e9rir une perception plus fine de la source m\u00eame de la culture humaine ; c\u2019est une qu\u00eate d\u00e9bouchant sur la quintessence de la nature humaine. L\u2019amour de la musique unit les gens et renforce la dynamique de la paix et de la cr\u00e9ativit\u00e9. \u00bb <div class=\"et_pb_row et_pb_row_0 et_pb_row_empty\">\n\t\t\t\t\n\t\t\t\t\n\t\t\t\t\n\t\t\t\t\n\t\t\t\t\n\t\t\t<\/div> [&hellip;]<\/p>\n","protected":false},"author":1,"featured_media":0,"parent":0,"menu_order":0,"comment_status":"closed","ping_status":"closed","template":"","meta":{"_et_pb_use_builder":"on","_et_pb_old_content":"","_et_gb_content_width":"","footnotes":""},"categories":[],"tags":[],"distributor_meta":false,"distributor_terms":false,"distributor_media":false,"distributor_original_site_name":"French - Min-On Website","distributor_original_site_url":"https:\/\/www.min-on.org\/fr","_links":{"self":[{"href":"https:\/\/www.min-on.org\/fr\/wp-json\/wp\/v2\/pages\/3626"}],"collection":[{"href":"https:\/\/www.min-on.org\/fr\/wp-json\/wp\/v2\/pages"}],"about":[{"href":"https:\/\/www.min-on.org\/fr\/wp-json\/wp\/v2\/types\/page"}],"author":[{"embeddable":true,"href":"https:\/\/www.min-on.org\/fr\/wp-json\/wp\/v2\/users\/1"}],"replies":[{"embeddable":true,"href":"https:\/\/www.min-on.org\/fr\/wp-json\/wp\/v2\/comments?post=3626"}],"version-history":[{"count":18,"href":"https:\/\/www.min-on.org\/fr\/wp-json\/wp\/v2\/pages\/3626\/revisions"}],"predecessor-version":[{"id":7971,"href":"https:\/\/www.min-on.org\/fr\/wp-json\/wp\/v2\/pages\/3626\/revisions\/7971"}],"wp:attachment":[{"href":"https:\/\/www.min-on.org\/fr\/wp-json\/wp\/v2\/media?parent=3626"}],"wp:term":[{"taxonomy":"category","embeddable":true,"href":"https:\/\/www.min-on.org\/fr\/wp-json\/wp\/v2\/categories?post=3626"},{"taxonomy":"post_tag","embeddable":true,"href":"https:\/\/www.min-on.org\/fr\/wp-json\/wp\/v2\/tags?post=3626"}],"curies":[{"name":"wp","href":"https:\/\/api.w.org\/{rel}","templated":true}]}}