{"id":3179,"date":"2018-07-08T08:55:13","date_gmt":"2018-07-08T08:55:13","guid":{"rendered":"http:\/\/59.106.140.197\/?page_id=3179"},"modified":"2018-12-04T01:50:07","modified_gmt":"2018-12-04T01:50:07","slug":"african-series","status":"publish","type":"page","link":"https:\/\/www.min-on.org\/fr\/african-series\/","title":{"rendered":"S\u00c9RIE AFRICAINE"},"content":{"rendered":"<p>[et_pb_section bb_built=\u00a0\u00bb1&Prime; next_background_color=\u00a0\u00bb#000000&Prime; _builder_version=\u00a0\u00bb3.11&Prime; custom_padding=\u00a0\u00bb||3% !important|\u00a0\u00bb][et_pb_row _builder_version=\u00a0\u00bb3.11&Prime; custom_padding=\u00a0\u00bb0px|||\u00a0\u00bb][et_pb_column type=\u00a0\u00bb4_4&Prime;][et_pb_text _builder_version=\u00a0\u00bb3.15&Prime;]<\/p>\n<h1 style=\"line-height: 36px;\">S\u00c9RIE AFRICAINE<\/h1>\n<p>[\/et_pb_text][\/et_pb_column][\/et_pb_row][et_pb_row _builder_version=\u00a0\u00bb3.11&Prime; custom_padding=\u00a0\u00bb||4%|\u00a0\u00bb][et_pb_column type=\u00a0\u00bb4_4&Prime;][et_pb_image _builder_version=\u00a0\u00bb3.12&Prime; src=\u00a0\u00bbhttps:\/\/www.min-on.org\/wp-content\/uploads\/sites\/7\/2018\/08\/main-image-african-series.jpg\u00a0\u00bb force_fullwidth=\u00a0\u00bbon\u00a0\u00bb show_bottom_space=\u00a0\u00bboff\u00a0\u00bb \/][\/et_pb_column][\/et_pb_row][\/et_pb_section][et_pb_section bb_built=\u00a0\u00bb1&Prime; specialty=\u00a0\u00bboff\u00a0\u00bb prev_background_color=\u00a0\u00bb#000000&Prime; _builder_version=\u00a0\u00bb3.7&Prime; custom_padding=\u00a0\u00bb0px|||\u00a0\u00bb next_background_color=\u00a0\u00bb#000000&Prime;][et_pb_row _builder_version=\u00a0\u00bb3.7&Prime; custom_css_main_1=\u00a0\u00bbcontent:%22%22;||    display:table;||    clear:both;\u00a0\u00bb disabled_on=\u00a0\u00bbon|on|on\u00a0\u00bb disabled=\u00a0\u00bbon\u00a0\u00bb collapsed=\u00a0\u00bbon\u00a0\u00bb][et_pb_column type=\u00a0\u00bb1_2&Prime;][et_pb_text _builder_version=\u00a0\u00bb3.15&Prime; custom_css_main_element=\u00a0\u00bbfloat: left;||width: 45%;\u00a0\u00bb module_class=\u00a0\u00bbclearfix\u00a0\u00bb]<\/p>\n<p><img loading=\"lazy\" decoding=\"async\" style=\"width: 100%;\" src=\"https:\/\/www.min-on.org\/wp-content\/uploads\/sites\/7\/2011\/09\/thumbnail-african-series6.jpg\" alt=\"Kenyan National Dancers and Drummers in 1991\" width=\"200\" height=\"132\" class=\"alignnone size-full wp-image-758\"><br \/>\nDanseurs et percussionnistes du Kenya en 1991<\/p>\n<p>[\/et_pb_text][et_pb_text _builder_version=\u00a0\u00bb3.15&Prime; custom_css_main_element=\u00a0\u00bbfloat: right;||width: 45%;||\u00a0\u00bb custom_css_after=\u00a0\u00bb   content: %22 %22; \/* Older browser do not support empty content *\/||   visibility: hidden;||   display: block;||   height: 0;||   clear: both;||\u00a0\u00bb]<\/p>\n<p><img loading=\"lazy\" decoding=\"async\" style=\"width: 100%;\" src=\"https:\/\/www.min-on.org\/wp-content\/uploads\/sites\/7\/2011\/09\/thumbnail-african-series5.jpg\" alt=\"African Pop Group \u201cTatunane\u201d from Tanzania in 1992\" width=\"200\" height=\"132\" class=\"alignnone size-full wp-image-759\"><br \/>\nGroupe de Musique Pop africaine Tatunane de Tanzanie en 1992<\/p>\n<p>[\/et_pb_text][et_pb_code _builder_version=\u00a0\u00bb3.7&Prime; custom_padding=\u00a0\u00bb0px||0px|\u00a0\u00bb custom_margin=\u00a0\u00bb0px||0px|\u00a0\u00bb]&lt;div style=&quot;clear: both;&quot;&gt;&lt;\/div&gt; &lt;!&#8211; Clear the float &#8211;&gt;[\/et_pb_code][et_pb_text _builder_version=\u00a0\u00bb3.15&Prime; custom_css_main_element=\u00a0\u00bbfloat: left;||width: 45%;\u00a0\u00bb module_class=\u00a0\u00bbclearfix\u00a0\u00bb]<\/p>\n<p><img loading=\"lazy\" decoding=\"async\" style=\"width: 100%;\" src=\"https:\/\/www.min-on.org\/wp-content\/uploads\/sites\/7\/2011\/09\/thumbnail-african-series3.jpg\" alt=\"The World of Madagascan Music in 2007\" width=\"200\" height=\"132\" class=\"alignnone size-full wp-image-764\"><br \/>\nLe Monde Musical de Madagascar en 2007<\/p>\n<p>[\/et_pb_text][et_pb_text _builder_version=\u00a0\u00bb3.15&Prime; custom_css_main_element=\u00a0\u00bbfloat: right;||width: 45%;||\u00a0\u00bb custom_css_after=\u00a0\u00bb   content: %22 %22; \/* Older browser do not support empty content *\/||   visibility: hidden;||   display: block;||   height: 0;||   clear: both;||\u00a0\u00bb]<\/p>\n<p><img loading=\"lazy\" decoding=\"async\" style=\"width: 100%;\" src=\"https:\/\/www.min-on.org\/fr\/wp-content\/uploads\/sites\/7\/2018\/11\/African-percussion-group-Amampondo-in-1995.jpg\" alt=\"African percussion group Amampondo in 1995\" width=\"200\" height=\"132\" class=\"alignnone size-full wp-image-764\"><br \/>\nGroupe de Percussion africaine Amanpondo en 1995<\/p>\n<p>[\/et_pb_text][et_pb_code _builder_version=\u00a0\u00bb3.7&Prime; custom_padding=\u00a0\u00bb0px||0px|\u00a0\u00bb custom_margin=\u00a0\u00bb0px||0px|\u00a0\u00bb]&lt;div style=&quot;clear: both;&quot;&gt;&lt;\/div&gt; &lt;!&#8211; Clear the float &#8211;&gt;[\/et_pb_code][et_pb_text _builder_version=\u00a0\u00bb3.15&Prime; custom_css_main_element=\u00a0\u00bbfloat: left;||width: 45%;\u00a0\u00bb module_class=\u00a0\u00bbclearfix\u00a0\u00bb]<\/p>\n<p><img loading=\"lazy\" decoding=\"async\" style=\"width: 100%;\" src=\"https:\/\/www.min-on.org\/fr\/wp-content\/uploads\/sites\/7\/2018\/11\/The-National-Troupe-of-Nigeria-in-1992.jpg\" alt=\"The-National-Troupe-of-Nigeria-in-1992\" width=\"200\" height=\"132\" class=\"alignnone size-full wp-image-764\"><br \/>\nTroupe Nationale du Nig\u00e9ria en 1992<\/p>\n<p>[\/et_pb_text][et_pb_text _builder_version=\u00a0\u00bb3.15&Prime; custom_css_main_element=\u00a0\u00bbfloat: right;||width: 45%;||\u00a0\u00bb custom_css_after=\u00a0\u00bb   content: %22 %22; \/* Older browser do not support empty content *\/||   visibility: hidden;||   display: block;||   height: 0;||   clear: both;||\u00a0\u00bb]<\/p>\n<p><img loading=\"lazy\" decoding=\"async\" style=\"width: 100%;\" src=\"https:\/\/www.min-on.org\/fr\/wp-content\/uploads\/sites\/7\/2018\/11\/The-National-Ballet-of-Cameroon-in-2010.jpg\" alt=\"The National Ballet of Cameroon in 2010\" width=\"200\" height=\"132\" class=\"alignnone size-full wp-image-764\"><br \/>\nMusique du Maroc avec Amina Alaoui, Tachinouite et les Gnawa en 2003<\/p>\n<p>[\/et_pb_text][et_pb_code _builder_version=\u00a0\u00bb3.7&Prime; custom_padding=\u00a0\u00bb0px||0px|\u00a0\u00bb custom_margin=\u00a0\u00bb0px||0px|\u00a0\u00bb]&lt;div style=&quot;clear: both;&quot;&gt;&lt;\/div&gt; &lt;!&#8211; Clear the float &#8211;&gt;[\/et_pb_code][et_pb_text _builder_version=\u00a0\u00bb3.15&Prime; custom_css_main_element=\u00a0\u00bbfloat: left;||width: 45%;\u00a0\u00bb module_class=\u00a0\u00bbclearfix\u00a0\u00bb]<\/p>\n<p><img loading=\"lazy\" decoding=\"async\" style=\"width: 100%;\" src=\"https:\/\/www.min-on.org\/fr\/wp-content\/uploads\/sites\/7\/2018\/11\/Senegal\u0081fs-National-Ballet-\u0081gLa-Linguere\u0081h-in-2005.jpg\" alt=\"Senegal\u0081fs National Ballet \u0081gLa Linguere\u0081h in 2005\" width=\"200\" height=\"132\" class=\"alignnone size-full wp-image-764\"><br \/>\nLa Linguere, Ballet National du S\u00e9n\u00e9gal en 2005<\/p>\n<p>[\/et_pb_text][et_pb_text _builder_version=\u00a0\u00bb3.15&Prime; custom_css_main_element=\u00a0\u00bbfloat: right;||width: 45%;||\u00a0\u00bb custom_css_after=\u00a0\u00bb   content: %22 %22; \/* Older browser do not support empty content *\/||   visibility: hidden;||   display: block;||   height: 0;||   clear: both;||\u00a0\u00bb]<\/p>\n<p><img loading=\"lazy\" decoding=\"async\" style=\"width: 100%;\" src=\"https:\/\/www.min-on.org\/fr\/wp-content\/uploads\/sites\/7\/2018\/11\/The-Music-of-Morocco-with-Amina-Alaoui-Tachinouit-and-Gnawa-in-2003.jpg\" alt=\"The Music of Morocco with Amina Alaoui, Tachinouit and Gnawa in 2003\" width=\"200\" height=\"132\" class=\"alignnone size-full wp-image-764\"><br \/>\nBallet National de la R\u00e9publique de Guin\u00e9e en 1975<\/p>\n<p>[\/et_pb_text][et_pb_code _builder_version=\u00a0\u00bb3.7&Prime; custom_padding=\u00a0\u00bb0px||0px|\u00a0\u00bb custom_margin=\u00a0\u00bb0px||0px|\u00a0\u00bb]&lt;div style=&quot;clear: both;&quot;&gt;&lt;\/div&gt; &lt;!&#8211; Clear the float &#8211;&gt;[\/et_pb_code][et_pb_text _builder_version=\u00a0\u00bb3.15&Prime; custom_css_main_element=\u00a0\u00bbfloat: left;||width: 45%;\u00a0\u00bb module_class=\u00a0\u00bbclearfix\u00a0\u00bb]<\/p>\n<p><img loading=\"lazy\" decoding=\"async\" style=\"width: 100%;\" src=\"https:\/\/www.min-on.org\/fr\/wp-content\/uploads\/sites\/7\/2018\/11\/Ghana-National-Dance-Ensemble-in-2012.jpg\" alt=\"Ghana-National-Dance-Ensemble-in-2012\" width=\"200\" height=\"132\" class=\"alignnone size-full wp-image-764\"><br \/>\nEnsemble National de Danse du Ghana en 2012<\/p>\n<p>[\/et_pb_text][et_pb_text _builder_version=\u00a0\u00bb3.15&Prime; custom_css_main_element=\u00a0\u00bbfloat: right;||width: 45%;||\u00a0\u00bb custom_css_after=\u00a0\u00bb   content: %22 %22; \/* Older browser do not support empty content *\/||   visibility: hidden;||   display: block;||   height: 0;||   clear: both;||\u00a0\u00bb]<\/p>\n<p><img loading=\"lazy\" decoding=\"async\" style=\"width: 100%;\" src=\"https:\/\/www.min-on.org\/fr\/wp-content\/uploads\/sites\/7\/2018\/11\/Ethiopian-National-Folk-Music-and-Dance-Troupe-in-1999.jpg\" alt=\"Ethiopian-National-Folk-Music-and-Dance-Troupe-in-1999\" width=\"200\" height=\"132\" class=\"alignnone size-full wp-image-764\"><br \/>\nTroupe Nationale de Musique et de Danse folklorique d\u2019\u00c9thiopie en 1999<\/p>\n<p>[\/et_pb_text][et_pb_code _builder_version=\u00a0\u00bb3.7&Prime; custom_padding=\u00a0\u00bb0px||0px|\u00a0\u00bb custom_margin=\u00a0\u00bb0px||0px|\u00a0\u00bb]&lt;div style=&quot;clear: both;&quot;&gt;&lt;\/div&gt; &lt;!&#8211; Clear the float &#8211;&gt;[\/et_pb_code][et_pb_text _builder_version=\u00a0\u00bb3.15&Prime; custom_css_main_element=\u00a0\u00bbfloat: left;||width: 45%;\u00a0\u00bb module_class=\u00a0\u00bbclearfix\u00a0\u00bb]<\/p>\n<p><img loading=\"lazy\" decoding=\"async\" style=\"width: 100%;\" src=\"https:\/\/www.min-on.org\/fr\/wp-content\/uploads\/sites\/7\/2018\/11\/Egyptian-Heritage-Dance-Troupe-in-1992.jpg\" alt=\"Egyptian-Heritage-Dance-Troupe-in-1992\" width=\"200\" height=\"132\" class=\"alignnone size-full wp-image-764\"><br \/>\nTroupe de Danse du Patrimoine \u00c9gyptien Al-Tannoura et Ensemble national de Musique arabe en 1992<\/p>\n<p>[\/et_pb_text][et_pb_text _builder_version=\u00a0\u00bb3.15&Prime; custom_css_main_element=\u00a0\u00bbfloat: right;||width: 45%;||\u00a0\u00bb custom_css_after=\u00a0\u00bb   content: %22 %22; \/* Older browser do not support empty content *\/||   visibility: hidden;||   display: block;||   height: 0;||   clear: both;||\u00a0\u00bb]<\/p>\n<p><img loading=\"lazy\" decoding=\"async\" style=\"width: 100%;\" src=\"https:\/\/www.min-on.org\/wp-content\/uploads\/sites\/7\/2011\/09\/thumbnail-african-series1.jpg\" alt=\"The National Ballet of the Republic of Guinea in 1975\" width=\"200\" height=\"132\" class=\"alignnone size-full wp-image-764\"><br \/>\nBallet National de la R\u00e9publique de Guin\u00e9e en 1975<\/p>\n<p>[\/et_pb_text][et_pb_code _builder_version=\u00a0\u00bb3.7&Prime; custom_padding=\u00a0\u00bb0px||0px|\u00a0\u00bb custom_margin=\u00a0\u00bb0px||0px|\u00a0\u00bb]&lt;div style=&quot;clear: both;&quot;&gt;&lt;\/div&gt; &lt;!&#8211; Clear the float &#8211;&gt;[\/et_pb_code][\/et_pb_column][et_pb_column type=\u00a0\u00bb1_2&Prime;][et_pb_text _builder_version=\u00a0\u00bb3.15&Prime;]<\/p>\n<h2>Historique des Repr\u00e9sentations<\/h2>\n<h4 style=\"padding-top: 4%;\">Juillet 1971 \u2013 Guin\u00e9e<\/h4>\n<p>Ballet National de la R\u00e9publique de Guin\u00e9e<\/p>\n<hr style=\"border-top: solid 1px #dbc94d;\">\n<h4 style=\"padding-top: 1%;\">Mars 1991 \u2013 Kenya<\/h4>\n<p>Danseurs et Percussionnistes nationaux du Kenya<\/p>\n<hr style=\"border-top: solid 1px #dbc94d;\">\n<h4 style=\"padding-top: 1%;\">Mars 1992 \u2013 \u00c9gypte<\/h4>\n<p>Troupe de Danse du Patrimoine \u00c9gyptien Al-Tannoura et Ensemble national de Musique arabe<\/p>\n<hr style=\"border-top: solid 1px #dbc94d;\">\n<h4 style=\"padding-top: 1%;\">Juillet 1992 \u2013 Nig\u00e9ria<\/h4>\n<p>Troupe Nationale du Nig\u00e9ria<\/p>\n<hr style=\"border-top: solid 1px #dbc94d;\">\n<h4 style=\"padding-top: 1%;\">Octobre 1992 \u2013 Tanzanie<\/h4>\n<p>Groupe de Musique Pop africaine Tatunane <\/p>\n<hr style=\"border-top: solid 1px #dbc94d;\">\n<h4 style=\"padding-top: 1%;\">Octobre 1995 \u2013 Afrique du Sud<\/h4>\n<p>Groupe de Percussion africaine Amanpondo<\/p>\n<hr style=\"border-top: solid 1px #dbc94d;\">\n<h4 style=\"padding-top: 1%;\">D\u00e9cembre 1997 \u2013 Ghana<\/h4>\n<p>Exposition du Centre Min-On retra\u00e7ant les 40 ans d\u2019existence du Ghana<\/p>\n<hr style=\"border-top: solid 1px #dbc94d;\">\n<h4 style=\"padding-top: 1%;\">Ao\u00fbt 1999 \u2013 \u00c9thiopie<\/h4>\n<p>\u00ab&nbsp;Voyage Musical \u00e0 travers l\u2019Afrique (1)&nbsp;\u00bb \u2013 Troupe Nationale de Musique et de Danse folklorique d\u2019\u00c9thiopie<\/p>\n<hr style=\"border-top: solid 1px #dbc94d;\">\n<h4 style=\"padding-top: 1%;\">Ao\u00fbt 2001 \u2013 Zambie<\/h4>\n<p>\u00ab&nbsp;Voyage Musical \u00e0 travers l\u2019Afrique (2)&nbsp;\u00bb \u2013 Troupe Nationale de Danse de Zambie<\/p>\n<hr style=\"border-top: solid 1px #dbc94d;\">\n<h4 style=\"padding-top: 1%;\">Ao\u00fbt 2003 \u2013 Maroc<\/h4>\n<p>\u00ab&nbsp;Voyage Musical \u00e0 travers l\u2019Afrique (3)&nbsp;\u00bb \u2013 Musique du Maroc avec Amina Alaoui, Tachinouite et les Gnawa<\/p>\n<hr style=\"border-top: solid 1px #dbc94d;\">\n<h4 style=\"padding-top: 1%;\">Ao\u00fbt 2005 \u2013 S\u00e9n\u00e9gal<\/h4>\n<p>\u00ab&nbsp;Voyage Musical \u00e0 travers l\u2019Afrique (4)&nbsp;\u00bb \u2013 La Linguere, Ballet National du S\u00e9n\u00e9gal <\/p>\n<hr style=\"border-top: solid 1px #dbc94d;\">\n<h4 style=\"padding-top: 1%;\">Ao\u00fbt 2007 \u2013 Madagascar<\/h4>\n<p>\u00ab&nbsp;Voyage Musical \u00e0 travers l\u2019Afrique (5)&nbsp;\u00bb \u2013 Le Monde Musical de Madagascar<\/p>\n<hr style=\"border-top: solid 1px #dbc94d;\">\n<h4 style=\"padding-top: 1%;\">Septembre 2010 \u2013 Cameroun<\/h4>\n<p>\u00ab&nbsp;Voyage Musical \u00e0 travers l\u2019Afrique (6)&nbsp;\u00bb \u2013 Ballet National du Cameroun<\/p>\n<hr style=\"border-top: solid 1px #dbc94d;\">\n<h4 style=\"padding-top: 1%;\">Ao\u00fbt 2012 \u2013 Ghana<\/h4>\n<p>\u00ab&nbsp;Voyage Musical \u00e0 travers l\u2019Afrique (7)&nbsp;\u00bb \u2013 Ensemble National de Danse du Ghana<\/p>\n<p>[\/et_pb_text][\/et_pb_column][\/et_pb_row][et_pb_row][et_pb_column type=\u00a0\u00bb4_4&Prime;][et_pb_text _builder_version=\u00a0\u00bb3.15&Prime;]<\/p>\n<p>Dans sa Proposition pour la Paix remise aux Nations Unies en 2001, le Fondateur de Min-On, Daisaku Ikeda, d\u00e9clarait&nbsp;: \u00ab&nbsp;L\u2019Afrique est le lieu de naissance de l\u2019humanit\u00e9. Elle a \u00e9t\u00e9 un continent d\u2019espoir, qui a donn\u00e9 naissance aux civilisations les plus diverses depuis l\u2019Antiquit\u00e9 et qui a apport\u00e9 aux \u00eatres humains de nombreux bienfaits dans bien des domaines, notamment la philosophie et la science. Je suis depuis longtemps convaincu que le XXIe  si\u00e8cle doit \u00eatre le si\u00e8cle de l\u2019Afrique.&nbsp;\u00bb<\/p>\n<p>Fort de cette conviction, et afin de nouer des liens d\u2019amiti\u00e9 avec divers pays africains et contribuer ainsi \u00e0 l\u2019av\u00e8nement d\u2019un \u00ab&nbsp;Si\u00e8cle de l\u2019Afrique&nbsp;\u00bb, l\u2019Association des Concerts Min-On a organis\u00e9 une s\u00e9rie de concerts intitul\u00e9e \u00ab&nbsp;Voyage Musical \u00e0 travers l\u2019Afrique&nbsp;\u00bb, destin\u00e9e \u00e0 faire conna\u00eetre toute la richesse et la sp\u00e9cificit\u00e9 de la danse et de la musique des pays du continent africain, dont chacun poss\u00e8de un patrimoine ethnique et tribal propre.<\/p>\n<p>[\/et_pb_text][\/et_pb_column][\/et_pb_row][et_pb_row _builder_version=\u00a0\u00bb3.15&Prime; module_class=\u00a0\u00bbfloatRow\u00a0\u00bb use_custom_gutter=\u00a0\u00bbon\u00a0\u00bb gutter_width=\u00a0\u00bb2&Prime; make_equal=\u00a0\u00bbon\u00a0\u00bb][et_pb_column type=\u00a0\u00bb1_4&Prime;][et_pb_image _builder_version=\u00a0\u00bb3.15&Prime; force_fullwidth=\u00a0\u00bbon\u00a0\u00bb show_bottom_space=\u00a0\u00bboff\u00a0\u00bb src=\u00a0\u00bbhttps:\/\/www.min-on.org\/wp-content\/uploads\/sites\/7\/2011\/09\/thumbnail-african-series6.jpg\u00a0\u00bb \/][et_pb_text _builder_version=\u00a0\u00bb3.15&Prime;]<\/p>\n<p>Danseurs et percussionnistes du Kenya en 1991<\/p>\n<p>[\/et_pb_text][et_pb_image _builder_version=\u00a0\u00bb3.15&Prime; force_fullwidth=\u00a0\u00bbon\u00a0\u00bb show_bottom_space=\u00a0\u00bboff\u00a0\u00bb src=\u00a0\u00bbhttps:\/\/www.min-on.org\/fr\/wp-content\/uploads\/sites\/7\/2018\/11\/madegascar-resize.jpg\u00a0\u00bb \/][et_pb_text _builder_version=\u00a0\u00bb3.15&Prime;]<\/p>\n<p>Le Monde Musical de Madagascar en 2007<\/p>\n<p>[\/et_pb_text][et_pb_image _builder_version=\u00a0\u00bb3.15&Prime; force_fullwidth=\u00a0\u00bbon\u00a0\u00bb show_bottom_space=\u00a0\u00bboff\u00a0\u00bb src=\u00a0\u00bbhttps:\/\/www.min-on.org\/fr\/wp-content\/uploads\/sites\/7\/2018\/11\/The-National-Troupe-of-Nigeria-in-1992.jpg\u00a0\u00bb show_in_lightbox=\u00a0\u00bbon\u00a0\u00bb \/][et_pb_text _builder_version=\u00a0\u00bb3.15&Prime;]<\/p>\n<p>Troupe Nationale du Nig\u00e9ria en 1992<\/p>\n<p>[\/et_pb_text][et_pb_image _builder_version=\u00a0\u00bb3.15&Prime; force_fullwidth=\u00a0\u00bbon\u00a0\u00bb show_bottom_space=\u00a0\u00bboff\u00a0\u00bb src=\u00a0\u00bbhttps:\/\/www.min-on.org\/fr\/wp-content\/uploads\/sites\/7\/2018\/11\/Senegal\u0081fs-National-Ballet-\u0081gLa-Linguere\u0081h-in-2005.jpg\u00a0\u00bb show_in_lightbox=\u00a0\u00bbon\u00a0\u00bb \/][et_pb_text _builder_version=\u00a0\u00bb3.15&Prime;]<\/p>\n<p>La Linguere, Ballet National du S\u00e9n\u00e9gal en 2005<\/p>\n<p>[\/et_pb_text][et_pb_image _builder_version=\u00a0\u00bb3.15&Prime; force_fullwidth=\u00a0\u00bbon\u00a0\u00bb show_bottom_space=\u00a0\u00bboff\u00a0\u00bb src=\u00a0\u00bbhttps:\/\/www.min-on.org\/fr\/wp-content\/uploads\/sites\/7\/2018\/11\/Ghana-National-Dance-Ensemble-in-2012.jpg\u00a0\u00bb show_in_lightbox=\u00a0\u00bbon\u00a0\u00bb \/][et_pb_text _builder_version=\u00a0\u00bb3.15&Prime;]<\/p>\n<p>Ensemble National de Danse du Ghana en 2012<\/p>\n<p>[\/et_pb_text][et_pb_image _builder_version=\u00a0\u00bb3.15&Prime; force_fullwidth=\u00a0\u00bbon\u00a0\u00bb show_bottom_space=\u00a0\u00bboff\u00a0\u00bb src=\u00a0\u00bbhttps:\/\/www.min-on.org\/fr\/wp-content\/uploads\/sites\/7\/2018\/11\/Egyptian-Heritage-Dance-Troupe-in-1992.jpg\u00a0\u00bb show_in_lightbox=\u00a0\u00bbon\u00a0\u00bb \/][et_pb_text _builder_version=\u00a0\u00bb3.15&Prime;]<\/p>\n<p>Troupe de Danse du Patrimoine \u00c9gyptien Al-Tannoura et Ensemble national de Musique arabe en 1992<\/p>\n<p>[\/et_pb_text][\/et_pb_column][et_pb_column type=\u00a0\u00bb1_4&Prime;][et_pb_image _builder_version=\u00a0\u00bb3.15&Prime; force_fullwidth=\u00a0\u00bbon\u00a0\u00bb show_bottom_space=\u00a0\u00bboff\u00a0\u00bb src=\u00a0\u00bbhttps:\/\/www.min-on.org\/wp-content\/uploads\/sites\/7\/2011\/09\/thumbnail-african-series5.jpg\u00a0\u00bb \/][et_pb_text _builder_version=\u00a0\u00bb3.15&Prime;]<\/p>\n<p>Groupe de Musique Pop africaine Tatunane de Tanzanie en 1992<\/p>\n<p>[\/et_pb_text][et_pb_image _builder_version=\u00a0\u00bb3.15&Prime; force_fullwidth=\u00a0\u00bbon\u00a0\u00bb show_bottom_space=\u00a0\u00bboff\u00a0\u00bb src=\u00a0\u00bbhttps:\/\/www.min-on.org\/fr\/wp-content\/uploads\/sites\/7\/2018\/11\/African-percussion-group-Amampondo-in-1995.jpg\u00a0\u00bb show_in_lightbox=\u00a0\u00bbon\u00a0\u00bb \/][et_pb_text _builder_version=\u00a0\u00bb3.15&Prime;]<\/p>\n<p>Groupe de Percussion africaine Amanpondo en 1995<\/p>\n<p>[\/et_pb_text][et_pb_image _builder_version=\u00a0\u00bb3.15&Prime; force_fullwidth=\u00a0\u00bbon\u00a0\u00bb show_bottom_space=\u00a0\u00bboff\u00a0\u00bb src=\u00a0\u00bbhttps:\/\/www.min-on.org\/fr\/wp-content\/uploads\/sites\/7\/2018\/11\/The-National-Ballet-of-Cameroon-in-2010.jpg\u00a0\u00bb show_in_lightbox=\u00a0\u00bbon\u00a0\u00bb \/][et_pb_text _builder_version=\u00a0\u00bb3.15&Prime;]<\/p>\n<p>Ballet National du Camerounen en 2010<\/p>\n<p>[\/et_pb_text][et_pb_image _builder_version=\u00a0\u00bb3.15&Prime; force_fullwidth=\u00a0\u00bbon\u00a0\u00bb show_bottom_space=\u00a0\u00bboff\u00a0\u00bb src=\u00a0\u00bbhttps:\/\/www.min-on.org\/fr\/wp-content\/uploads\/sites\/7\/2018\/11\/The-Music-of-Morocco-with-Amina-Alaoui-Tachinouit-and-Gnawa-in-2003.jpg\u00a0\u00bb show_in_lightbox=\u00a0\u00bbon\u00a0\u00bb \/][et_pb_text _builder_version=\u00a0\u00bb3.15&Prime;]<\/p>\n<p>Musique du Maroc avec Amina Alaoui, Tachinouite et les Gnawa en 2003<\/p>\n<p>[\/et_pb_text][et_pb_image _builder_version=\u00a0\u00bb3.15&Prime; force_fullwidth=\u00a0\u00bbon\u00a0\u00bb show_bottom_space=\u00a0\u00bboff\u00a0\u00bb src=\u00a0\u00bbhttps:\/\/www.min-on.org\/fr\/wp-content\/uploads\/sites\/7\/2018\/11\/Ethiopian-National-Folk-Music-and-Dance-Troupe-in-1999.jpg\u00a0\u00bb show_in_lightbox=\u00a0\u00bbon\u00a0\u00bb \/][et_pb_text _builder_version=\u00a0\u00bb3.15&Prime;]<\/p>\n<p>Troupe Nationale de Musique et de Danse folklorique d\u2019\u00c9thiopie en 1999<\/p>\n<p>[\/et_pb_text][et_pb_image _builder_version=\u00a0\u00bb3.15&Prime; force_fullwidth=\u00a0\u00bbon\u00a0\u00bb show_bottom_space=\u00a0\u00bboff\u00a0\u00bb src=\u00a0\u00bbhttps:\/\/www.min-on.org\/wp-content\/uploads\/sites\/7\/2011\/09\/thumbnail-african-series1.jpg\u00a0\u00bb \/][et_pb_text _builder_version=\u00a0\u00bb3.15&Prime;]<\/p>\n<p>Ballet National de la R\u00e9publique de Guin\u00e9e en 1975<\/p>\n<p>[\/et_pb_text][\/et_pb_column][et_pb_column type=\u00a0\u00bb1_2&Prime;][et_pb_text _builder_version=\u00a0\u00bb3.15&Prime;]<\/p>\n<h2>Historique des Repr\u00e9sentations<\/h2>\n<h4 style=\"padding-top: 4%;\">Juillet 1971 \u2013 Guin\u00e9e<\/h4>\n<p>Ballet National de la R\u00e9publique de Guin\u00e9e<\/p>\n<hr style=\"border-top: solid 1px #dbc94d;\">\n<h4 style=\"padding-top: 1%;\">Mars 1991 \u2013 Kenya<\/h4>\n<p>Danseurs et Percussionnistes nationaux du Kenya<\/p>\n<hr style=\"border-top: solid 1px #dbc94d;\">\n<h4 style=\"padding-top: 1%;\">Mars 1992 \u2013 \u00c9gypte<\/h4>\n<p>Troupe de Danse du Patrimoine \u00c9gyptien Al-Tannoura et Ensemble national de Musique arabe<\/p>\n<hr style=\"border-top: solid 1px #dbc94d;\">\n<h4 style=\"padding-top: 1%;\">Juillet 1992 \u2013 Nig\u00e9ria<\/h4>\n<p>Troupe Nationale du Nig\u00e9ria<\/p>\n<hr style=\"border-top: solid 1px #dbc94d;\">\n<h4 style=\"padding-top: 1%;\">Octobre 1992 \u2013 Tanzanie<\/h4>\n<p>Groupe de Musique Pop africaine Tatunane <\/p>\n<hr style=\"border-top: solid 1px #dbc94d;\">\n<h4 style=\"padding-top: 1%;\">Octobre 1995 \u2013 Afrique du Sud<\/h4>\n<p>Groupe de Percussion africaine Amanpondo<\/p>\n<hr style=\"border-top: solid 1px #dbc94d;\">\n<h4 style=\"padding-top: 1%;\">D\u00e9cembre 1997 \u2013 Ghana<\/h4>\n<p>Exposition du Centre Min-On retra\u00e7ant les 40 ans d\u2019existence du Ghana<\/p>\n<hr style=\"border-top: solid 1px #dbc94d;\">\n<h4 style=\"padding-top: 1%;\">Ao\u00fbt 1999 \u2013 \u00c9thiopie<\/h4>\n<p>\u00ab&nbsp;Voyage Musical \u00e0 travers l\u2019Afrique (1)&nbsp;\u00bb \u2013 Troupe Nationale de Musique et de Danse folklorique d\u2019\u00c9thiopie<\/p>\n<hr style=\"border-top: solid 1px #dbc94d;\">\n<h4 style=\"padding-top: 1%;\">Ao\u00fbt 2001 \u2013 Zambie<\/h4>\n<p>\u00ab&nbsp;Voyage Musical \u00e0 travers l\u2019Afrique (2)&nbsp;\u00bb \u2013 Troupe Nationale de Danse de Zambie<\/p>\n<hr style=\"border-top: solid 1px #dbc94d;\">\n<h4 style=\"padding-top: 1%;\">Ao\u00fbt 2003 \u2013 Maroc<\/h4>\n<p>\u00ab&nbsp;Voyage Musical \u00e0 travers l\u2019Afrique (3)&nbsp;\u00bb \u2013 Musique du Maroc avec Amina Alaoui, Tachinouite et les Gnawa<\/p>\n<hr style=\"border-top: solid 1px #dbc94d;\">\n<h4 style=\"padding-top: 1%;\">Ao\u00fbt 2005 \u2013 S\u00e9n\u00e9gal<\/h4>\n<p>\u00ab&nbsp;Voyage Musical \u00e0 travers l\u2019Afrique (4)&nbsp;\u00bb \u2013 La Linguere, Ballet National du S\u00e9n\u00e9gal <\/p>\n<hr style=\"border-top: solid 1px #dbc94d;\">\n<h4 style=\"padding-top: 1%;\">Ao\u00fbt 2007 \u2013 Madagascar<\/h4>\n<p>\u00ab&nbsp;Voyage Musical \u00e0 travers l\u2019Afrique (5)&nbsp;\u00bb \u2013 Le Monde Musical de Madagascar<\/p>\n<hr style=\"border-top: solid 1px #dbc94d;\">\n<h4 style=\"padding-top: 1%;\">Septembre 2010 \u2013 Cameroun<\/h4>\n<p>\u00ab&nbsp;Voyage Musical \u00e0 travers l\u2019Afrique (6)&nbsp;\u00bb \u2013 Ballet National du Cameroun<\/p>\n<hr style=\"border-top: solid 1px #dbc94d;\">\n<h4 style=\"padding-top: 1%;\">Ao\u00fbt 2012 \u2013 Ghana<\/h4>\n<p>\u00ab&nbsp;Voyage Musical \u00e0 travers l\u2019Afrique (7)&nbsp;\u00bb \u2013 Ensemble National de Danse du Ghana<\/p>\n<p>[\/et_pb_text][\/et_pb_column][\/et_pb_row][\/et_pb_section][et_pb_section bb_built=\u00a0\u00bb1&Prime; admin_label=\u00a0\u00bbRelated Articles\u00a0\u00bb specialty=\u00a0\u00bboff\u00a0\u00bb _builder_version=\u00a0\u00bb3.15&Prime; custom_padding=\u00a0\u00bb0px|||\u00a0\u00bb disabled_on=\u00a0\u00bbon|on|on\u00a0\u00bb disabled=\u00a0\u00bbon\u00a0\u00bb collapsed=\u00a0\u00bbon\u00a0\u00bb prev_background_color=\u00a0\u00bb#000000&Prime;][et_pb_row _builder_version=\u00a0\u00bb3.11&Prime; custom_padding=\u00a0\u00bb0px|||\u00a0\u00bb][et_pb_column type=\u00a0\u00bb4_4&Prime;][et_pb_text _builder_version=\u00a0\u00bb3.12&Prime;]<\/p>\n<h1 style=\"line-height: 36px;\">Related Articles<\/h1>\n<p>[\/et_pb_text][\/et_pb_column][\/et_pb_row][et_pb_row _builder_version=\u00a0\u00bb3.12&Prime; custom_padding=\u00a0\u00bb|1.5%||1.5%\u00a0\u00bb][et_pb_column type=\u00a0\u00bb4_4&Prime;][et_pb_blog _builder_version=\u00a0\u00bb3.15&Prime; posts_number=\u00a0\u00bb3&Prime; fullwidth=\u00a0\u00bboff\u00a0\u00bb show_pagination=\u00a0\u00bboff\u00a0\u00bb include_categories=\u00a0\u00bb403&Prime; \/][\/et_pb_column][\/et_pb_row][\/et_pb_section]<\/p>\n","protected":false},"excerpt":{"rendered":"<p>S\u00c9RIE AFRICAINE Danseurs et percussionnistes du Kenya en 1991 Groupe de Musique Pop africaine Tatunane de Tanzanie en 1992 Le Monde Musical de Madagascar en 2007 Groupe de Percussion africaine Amanpondo en 1995 Troupe Nationale du Nig\u00e9ria en 1992 Musique du Maroc avec Amina Alaoui, Tachinouite et les Gnawa en 2003 La Linguere, Ballet National [&hellip;]<\/p>\n","protected":false},"author":1,"featured_media":0,"parent":0,"menu_order":0,"comment_status":"closed","ping_status":"closed","template":"","meta":{"_et_pb_use_builder":"on","_et_pb_old_content":"","_et_gb_content_width":"","footnotes":""},"categories":[],"tags":[],"distributor_meta":false,"distributor_terms":false,"distributor_media":false,"distributor_original_site_name":"French - Min-On Website","distributor_original_site_url":"https:\/\/www.min-on.org\/fr","_links":{"self":[{"href":"https:\/\/www.min-on.org\/fr\/wp-json\/wp\/v2\/pages\/3179"}],"collection":[{"href":"https:\/\/www.min-on.org\/fr\/wp-json\/wp\/v2\/pages"}],"about":[{"href":"https:\/\/www.min-on.org\/fr\/wp-json\/wp\/v2\/types\/page"}],"author":[{"embeddable":true,"href":"https:\/\/www.min-on.org\/fr\/wp-json\/wp\/v2\/users\/1"}],"replies":[{"embeddable":true,"href":"https:\/\/www.min-on.org\/fr\/wp-json\/wp\/v2\/comments?post=3179"}],"version-history":[{"count":34,"href":"https:\/\/www.min-on.org\/fr\/wp-json\/wp\/v2\/pages\/3179\/revisions"}],"predecessor-version":[{"id":8383,"href":"https:\/\/www.min-on.org\/fr\/wp-json\/wp\/v2\/pages\/3179\/revisions\/8383"}],"wp:attachment":[{"href":"https:\/\/www.min-on.org\/fr\/wp-json\/wp\/v2\/media?parent=3179"}],"wp:term":[{"taxonomy":"category","embeddable":true,"href":"https:\/\/www.min-on.org\/fr\/wp-json\/wp\/v2\/categories?post=3179"},{"taxonomy":"post_tag","embeddable":true,"href":"https:\/\/www.min-on.org\/fr\/wp-json\/wp\/v2\/tags?post=3179"}],"curies":[{"name":"wp","href":"https:\/\/api.w.org\/{rel}","templated":true}]}}