{"id":6658,"date":"2018-08-29T15:28:36","date_gmt":"2018-08-29T15:28:36","guid":{"rendered":"http:\/\/min-on.matthewbyrt.com\/?page_id=6658"},"modified":"2018-11-03T12:40:50","modified_gmt":"2018-11-03T12:40:50","slug":"lectures","status":"publish","type":"page","link":"https:\/\/www.min-on.org\/es\/lectures\/","title":{"rendered":"Conferencias"},"content":{"rendered":"<p>[et_pb_section bb_built=\u00bb1&#8243; next_background_color=\u00bb#000000&#8243; _builder_version=\u00bb3.11&#8243; custom_padding=\u00bb||3% !important|\u00bb][et_pb_row _builder_version=\u00bb3.11&#8243; custom_padding=\u00bb0px|||\u00bb][et_pb_column type=\u00bb4_4&#8243;][et_pb_text _builder_version=\u00bb3.12&#8243;]<\/p>\n<h1 style=\"line-height: 36px;\">Conferencias<\/h1>\n<p>[\/et_pb_text][\/et_pb_column][\/et_pb_row][et_pb_row _builder_version=\u00bb3.11&#8243; custom_padding=\u00bb||6%|\u00bb][et_pb_column type=\u00bb4_4&#8243;][et_pb_image _builder_version=\u00bb3.12&#8243; src=\u00bbhttps:\/\/www.min-on.org\/es\/wp-content\/uploads\/sites\/4\/2018\/08\/Lecture-03-e1535560379902.jpg\u00bb force_fullwidth=\u00bbon\u00bb show_bottom_space=\u00bboff\u00bb \/][\/et_pb_column][\/et_pb_row][\/et_pb_section][et_pb_section bb_built=\u00bb1&#8243; specialty=\u00bboff\u00bb prev_background_color=\u00bb#000000&#8243; _builder_version=\u00bb3.7&#8243; custom_padding=\u00bb0px|||\u00bb next_background_color=\u00bb#000000&#8243;][et_pb_row _builder_version=\u00bb3.7&#8243; custom_css_main_1=\u00bbcontent:%22%22;|| display:table;|| clear:both;\u00bb][et_pb_column type=\u00bb1_2&#8243;][et_pb_text _builder_version=\u00bb3.15&#8243;]<\/p>\n<p>En el marco de sus actividades de inter\u00e9s p\u00fablico para promover la apreciaci\u00f3n de la cultura musical, el Museo Musical Min-On lleva a cabo conferencias y talleres peri\u00f3dicos. Desde que obtuvo su acreditaci\u00f3n oficial como museo en 2003, ha ofrecido unas 20 conferencias culturales y diversos talleres, casi siempre en el Centro Cultural Min-On, aunque en ocasiones tambi\u00e9n en sitios p\u00fablicos en colaboraci\u00f3n con embajadas y otros organismos.<\/p>\n<p>Se destaca, entre otros acontecimientos, la disertaci\u00f3n \u00abEl mundo de la \u00d3pera de Pek\u00edn\u00bb, ofrecida por Wu Jiang, presidente de la \u00d3pera Nacional de Pek\u00edn, con motivo de la gira de la compa\u00f1\u00eda por el Jap\u00f3n, en 2006. En su presentaci\u00f3n, explic\u00f3 la enorme influencia que su instituci\u00f3n tiene en el pueblo chino y expres\u00f3 que la \u00d3pera de Pek\u00edn era una enciclopedia para comprender todas las facetas de la historia y de la cultura chinas. Los asistentes, adem\u00e1s, fueron agasajados con un n\u00famero especial a cargo de los actores de la compa\u00f1\u00eda. En otra de las conferencias, el director japon\u00e9s Tadaaki Otaka disert\u00f3 sobre \u00abLa m\u00fasica cl\u00e1sica desde la perspectiva de un director\u00bb. A su ponencia, centrada en la fascinaci\u00f3n por este g\u00e9nero, sigui\u00f3 una activa sesi\u00f3n de preguntas y respuestas. El encuentro permiti\u00f3 a unos 250 participantes ahondar en su comprensi\u00f3n y valoraci\u00f3n de la m\u00fasica cl\u00e1sica.<\/p>\n<p>[\/et_pb_text][\/et_pb_column][et_pb_column type=\u00bb1_2&#8243;][et_pb_image _builder_version=\u00bb3.15&#8243; src=\u00bbhttps:\/\/www.min-on.org\/es\/wp-content\/uploads\/sites\/4\/2018\/08\/Lecture-01.jpg\u00bb force_fullwidth=\u00bbon\u00bb show_in_lightbox=\u00bbon\u00bb \/][et_pb_image _builder_version=\u00bb3.15&#8243; src=\u00bbhttps:\/\/www.min-on.org\/es\/wp-content\/uploads\/sites\/4\/2018\/08\/Lecture-02.jpg\u00bb force_fullwidth=\u00bbon\u00bb show_in_lightbox=\u00bbon\u00bb \/][\/et_pb_column][\/et_pb_row][\/et_pb_section][et_pb_section bb_built=\u00bb1&#8243; admin_label=\u00bbRelated Articles\u00bb specialty=\u00bboff\u00bb _builder_version=\u00bb3.15&#8243; custom_padding=\u00bb0px|||\u00bb disabled_on=\u00bbon|on|on\u00bb disabled=\u00bbon\u00bb prev_background_color=\u00bb#000000&#8243; collapsed=\u00bbon\u00bb][et_pb_row _builder_version=\u00bb3.11&#8243; custom_padding=\u00bb0px|||\u00bb][et_pb_column type=\u00bb4_4&#8243;][et_pb_text _builder_version=\u00bb3.12&#8243;]<\/p>\n<h1 style=\"line-height: 36px;\">Related Articles<\/h1>\n<p>[\/et_pb_text][\/et_pb_column][\/et_pb_row][et_pb_row _builder_version=\u00bb3.12&#8243; custom_padding=\u00bb|1.5%||1.5%\u00bb][et_pb_column type=\u00bb4_4&#8243;][et_pb_blog _builder_version=\u00bb3.15&#8243; posts_number=\u00bb3&#8243; fullwidth=\u00bboff\u00bb include_categories=\u00bb397&#8243; \/][\/et_pb_column][\/et_pb_row][\/et_pb_section]<\/p>\n","protected":false},"excerpt":{"rendered":"<p>Conferencias En el marco de sus actividades de inter\u00e9s p\u00fablico para promover la apreciaci\u00f3n de la cultura musical, el Museo Musical Min-On lleva a cabo conferencias y talleres peri\u00f3dicos. Desde que obtuvo su acreditaci\u00f3n oficial como museo en 2003, ha ofrecido unas 20 conferencias culturales y diversos talleres, casi siempre en el Centro Cultural Min-On, [&hellip;]<\/p>\n","protected":false},"author":1,"featured_media":0,"parent":0,"menu_order":0,"comment_status":"closed","ping_status":"closed","template":"","meta":{"_et_pb_use_builder":"on","_et_pb_old_content":"","_et_gb_content_width":"","footnotes":""},"categories":[],"tags":[],"distributor_meta":false,"distributor_terms":false,"distributor_media":false,"distributor_original_site_name":"Spanish - Min-On Website","distributor_original_site_url":"https:\/\/www.min-on.org\/es","_links":{"self":[{"href":"https:\/\/www.min-on.org\/es\/wp-json\/wp\/v2\/pages\/6658"}],"collection":[{"href":"https:\/\/www.min-on.org\/es\/wp-json\/wp\/v2\/pages"}],"about":[{"href":"https:\/\/www.min-on.org\/es\/wp-json\/wp\/v2\/types\/page"}],"author":[{"embeddable":true,"href":"https:\/\/www.min-on.org\/es\/wp-json\/wp\/v2\/users\/1"}],"replies":[{"embeddable":true,"href":"https:\/\/www.min-on.org\/es\/wp-json\/wp\/v2\/comments?post=6658"}],"version-history":[{"count":12,"href":"https:\/\/www.min-on.org\/es\/wp-json\/wp\/v2\/pages\/6658\/revisions"}],"predecessor-version":[{"id":7797,"href":"https:\/\/www.min-on.org\/es\/wp-json\/wp\/v2\/pages\/6658\/revisions\/7797"}],"wp:attachment":[{"href":"https:\/\/www.min-on.org\/es\/wp-json\/wp\/v2\/media?parent=6658"}],"wp:term":[{"taxonomy":"category","embeddable":true,"href":"https:\/\/www.min-on.org\/es\/wp-json\/wp\/v2\/categories?post=6658"},{"taxonomy":"post_tag","embeddable":true,"href":"https:\/\/www.min-on.org\/es\/wp-json\/wp\/v2\/tags?post=6658"}],"curies":[{"name":"wp","href":"https:\/\/api.w.org\/{rel}","templated":true}]}}